{"id":1607,"date":"2024-08-27T11:36:41","date_gmt":"2024-08-27T09:36:41","guid":{"rendered":"http:\/\/direta.com.pl\/?page_id=1607"},"modified":"2025-01-30T17:38:45","modified_gmt":"2025-01-30T16:38:45","slug":"maly-oboz-direty-2024","status":"publish","type":"page","link":"http:\/\/direta.com.pl\/?page_id=1607","title":{"rendered":"Ma\u0142y Ob\u00f3z Direty 2025"},"content":{"rendered":"\n<figure class=\"wp-block-image size-large\"><img loading=\"lazy\" width=\"940\" height=\"681\" src=\"http:\/\/direta.com.pl\/wp-content\/uploads\/2025\/01\/Maly-Oboz-Direty-1.png\" alt=\"\" class=\"wp-image-1640\" srcset=\"http:\/\/direta.com.pl\/wp-content\/uploads\/2025\/01\/Maly-Oboz-Direty-1.png 940w, http:\/\/direta.com.pl\/wp-content\/uploads\/2025\/01\/Maly-Oboz-Direty-1-300x217.png 300w, http:\/\/direta.com.pl\/wp-content\/uploads\/2025\/01\/Maly-Oboz-Direty-1-768x556.png 768w\" sizes=\"(max-width: 706px) 89vw, (max-width: 767px) 82vw, 740px\" \/><\/figure>\n\n\n\n<p>A wi\u0119c kolejna ods\u0142ona naszych ma\u0142ych oboz\u00f3w, tym razem wbijamy w Sp\u0119kane Ska\u0142y! Ma\u0142y ob\u00f3z &#8211; wielkie wyzwanie \ud83d\ude42 Celem naszego ma\u0142ego obozu jest poznanie ciekawej skalnej formacji, szlifowanie technik wspinaczkowych, \u0107wiczenie technik linowych, a przede wszystkim cyfra! Czyli podnosimy sobie poprzeczk\u0119!<\/p>\n\n\n\n<p>Sp\u0119kane Ska\u0142y to zlepie\u0144cowy mur skalny po\u0142o\u017cony na p\u00f3\u0142noc od miejscowo\u015bci Miszkowice niedaleko Lubawki. <br>Ju\u017c w 1930 roku ska\u0142y zosta\u0142y uznane za pomnik przyrody. Miejsce to nazywano Neumann&#8217;s Ruh. Na ska\u0142y wykuto stopnie, a szczyt zabezpieczono barierk\u0105. Po wojnie ska\u0142y zaros\u0142y i tylko sporadycznie pojawiali si\u0119 na nich tury\u015bci i wspinacze. Dzi\u0119ki dzia\u0142aniom lokalnych wspinaczy ca\u0142y rejon zosta\u0142 oczyszczony i ubezpieczony. Po\u0142udniowa wystawa umo\u017cliwia wspinanie w ch\u0142odniejsze dni. Jest to wspania\u0142a alternatywa dla zat\u0142oczonych pobliskich Sokolik\u00f3w.<\/p>\n\n\n\n<ul id=\"block-cab4a2f3-9dca-4012-a67d-f098f9b1dd9c\"><li><strong>Idea obozu:<\/strong> jak\u017ceby inaczej &#8211; jedziemy w ska\u0142y i si\u0119 wspinamy \ud83d\ude09 Niewa\u017cne czy si\u0119 wspinasz miesi\u0105c czy 5 lat, mamy dla Ciebie wyzwanie! Poziom trudno\u015bci dobieramy indywidualnie. Ca\u0142e rodziny mog\u0105 wzi\u0105\u0107 udzia\u0142.<\/li><li> <strong>WARIANT I <\/strong>&#8211; uczestnicy doje\u017cd\u017caj\u0105 we w\u0142asnym zakresie (z  rodzicami\/opiekunami), my na miejscu przejmujemy uczestnik\u00f3w<\/li><li><strong>WARIANT II <\/strong>&#8211; uczestnik\u00f3w bez rodzic\u00f3w\/opiekun\u00f3w dowozimy busem i zapewniamy ca\u0142odobow\u0105 opiek\u0119. Wariant II to tak\u017ce  anga\u017cowanie dzieci w przygotowywanie wsp\u00f3lnych posi\u0142k\u00f3w, obieranie ziemniak\u00f3w i warzyw, przygotowanie produkt\u00f3w spo\u017cywczych, mycie naczy\u0144, sprz\u0105tanie po sobie &#8211; lekko nie b\u0119dzie! UWAGA! Ilo\u015b\u0107 miejsc w busie ograniczona &#8211; 7 os\u00f3b!<\/li><li><strong>Miejsce:<\/strong> Sp\u0119kane Ska\u0142y ko\u0142o Miszkowic<\/li><li><strong>Termin i program:<\/strong>\u00a09-11.05.2025, wyjazd w pi\u0105tek po po\u0142udniu do miejsca noclegowego (kolacja), sobota i niedziela 9.00-15.00 warsztaty wspinaczkowe, sobota wieczorem ognisko\/grill, niedziela po 16.00 powr\u00f3t do domu<\/li><li><strong>Ceny obozu: <\/strong><\/li><li><strong>490 z\u0142\/os (dla cz\u0142onk\u00f3w KSG DIRETA 440 z\u0142\/os.)<\/strong>. Cena obejmuje sprz\u0119t wspinaczkowy i opiek\u0119 podczas zaj\u0119\u0107 warsztatowych w ska\u0142ach. Cena nie obejmuje transportu, noclegu i wy\u017cywienia.<\/li><li>Zapewniamy niezb\u0119dny sprz\u0119t wspinaczkowy oraz:<\/li><li>Kadr\u0119 (instruktorzy, trenerzy wspinaczki i wychowawcy z pa\u0144stwowymi uprawnieniami \/do wgl\u0105du\/)<\/li><li>Ubezpieczenie NNW<\/li><li>Doradztwo w zakupach szpeju<\/li><li>Zni\u017cki na zakup szpeju w zaprzyja\u017anionych sklepach<\/li><li>Uwagi &#8211; do ceny nale\u017cy doliczy\u0107 noclegu i transportu oraz wy\u017cywienia. \u015apimy w <strong><a rel=\"noreferrer noopener\" href=\"https:\/\/muflonik.pl\/\" target=\"_blank\">agroturystyce &#8220;Muflonik&#8221;<\/a><\/strong>. Na miejscu kuchnia, w kt\u00f3rej mo\u017cna przygotowywa\u0107 posi\u0142ki.<\/li><li>A teraz zg\u0142oszenia &#8211; kto pierwszy ten lepszy &#8211; liczba miejsc ograniczona: <a rel=\"noreferrer noopener\" href=\"szkolawspinaniadireta@gmail.com\" target=\"_blank\">szkolawspinaniadireta@gmail.com<\/a> a wszelkie info tel. 693148200<\/li><\/ul>\n\n\n\n<figure class=\"wp-block-image size-large\"><img loading=\"lazy\" width=\"1024\" height=\"726\" src=\"http:\/\/direta.com.pl\/wp-content\/uploads\/2024\/08\/sp-1024x726.png\" alt=\"\" class=\"wp-image-1611\" srcset=\"http:\/\/direta.com.pl\/wp-content\/uploads\/2024\/08\/sp-1024x726.png 1024w, http:\/\/direta.com.pl\/wp-content\/uploads\/2024\/08\/sp-300x213.png 300w, http:\/\/direta.com.pl\/wp-content\/uploads\/2024\/08\/sp-768x545.png 768w, http:\/\/direta.com.pl\/wp-content\/uploads\/2024\/08\/sp-1536x1090.png 1536w, http:\/\/direta.com.pl\/wp-content\/uploads\/2024\/08\/sp.png 1748w\" sizes=\"(max-width: 706px) 89vw, (max-width: 767px) 82vw, 740px\" \/><\/figure>\n\n\n\n<p id=\"block-3e321c67-8c8a-495f-b780-dc31ceafae4a\"><strong>Zapisy i informacje:<\/strong>&nbsp;szkolawspinaniadireta@gmail.com tel. 693148200.<\/p>\n\n\n\n<p id=\"block-67c75cb5-e01a-4319-897c-cc1c28aa2034\">Warunki zg\u0142oszenia: przys\u0142anie maila z danymi osobowymi i dat\u0105 urodzenia oraz informacj\u0105 o sprz\u0119cie jakim dysponuje uczestnik, wp\u0142ata na konto op\u0142aty obozowej. W mailu prosimy poda\u0107 te\u017c informacj\u0119 o osobach towarzysz\u0105cych (kwestia noclegu).<\/p>\n\n\n\n<p><strong>Uwaga: ob\u00f3z jest adresowany do os\u00f3b w ka\u017cdym wieku, ale kt\u00f3re ju\u017c potrafi\u0105 pos\u0142ugiwa\u0107 si\u0119 sprz\u0119tem asekuracyjnym.<\/strong><\/p>\n\n\n\n<p id=\"block-1e6ae883-d6ea-463f-a443-75de6c69ce25\"><strong>Wp\u0142aty: Andrzej Janka&nbsp;48 1140 2004 0000 3802 6162 2560<\/strong><\/p>\n\n\n\n<figure class=\"wp-block-image size-large\"><img loading=\"lazy\" width=\"900\" height=\"296\" src=\"http:\/\/direta.com.pl\/wp-content\/uploads\/2024\/08\/2302.jpeg\" alt=\"\" class=\"wp-image-1615\" srcset=\"http:\/\/direta.com.pl\/wp-content\/uploads\/2024\/08\/2302.jpeg 900w, http:\/\/direta.com.pl\/wp-content\/uploads\/2024\/08\/2302-300x99.jpeg 300w, http:\/\/direta.com.pl\/wp-content\/uploads\/2024\/08\/2302-768x253.jpeg 768w\" sizes=\"(max-width: 706px) 89vw, (max-width: 767px) 82vw, 740px\" \/><\/figure>\n\n\n\n<p id=\"block-1226475d-1127-4655-88b2-00f2ca038696\"><strong>Transport:&nbsp;<\/strong>celem zmniejszenia koszt\u00f3w transportu proponujemy wynajem busa lub porozumiemy si\u0119 w sprawie wsp\u00f3lnego przejazdu autami osobowymi. T\u0119 kwesti\u0119 ustalimy z zainteresowanymi.<\/p>\n\n\n\n<p id=\"block-1226475d-1127-4655-88b2-00f2ca038696\"><strong>Uwaga! Liczba obozowicz\u00f3w ograniczona<\/strong>&nbsp;\u2013 10 os.<\/p>\n\n\n\n<figure class=\"wp-block-image size-large\"><img loading=\"lazy\" width=\"1024\" height=\"726\" src=\"http:\/\/direta.com.pl\/wp-content\/uploads\/2024\/08\/sp1-1024x726.png\" alt=\"\" class=\"wp-image-1612\" srcset=\"http:\/\/direta.com.pl\/wp-content\/uploads\/2024\/08\/sp1-1024x726.png 1024w, http:\/\/direta.com.pl\/wp-content\/uploads\/2024\/08\/sp1-300x213.png 300w, http:\/\/direta.com.pl\/wp-content\/uploads\/2024\/08\/sp1-768x545.png 768w, http:\/\/direta.com.pl\/wp-content\/uploads\/2024\/08\/sp1-1536x1090.png 1536w, http:\/\/direta.com.pl\/wp-content\/uploads\/2024\/08\/sp1.png 1748w\" sizes=\"(max-width: 706px) 89vw, (max-width: 767px) 82vw, 740px\" \/><\/figure>\n\n\n\n<figure class=\"wp-block-image size-large\"><img loading=\"lazy\" width=\"724\" height=\"1024\" src=\"http:\/\/direta.com.pl\/wp-content\/uploads\/2024\/08\/ss-1-724x1024.png\" alt=\"\" class=\"wp-image-1625\" srcset=\"http:\/\/direta.com.pl\/wp-content\/uploads\/2024\/08\/ss-1-724x1024.png 724w, http:\/\/direta.com.pl\/wp-content\/uploads\/2024\/08\/ss-1-212x300.png 212w, http:\/\/direta.com.pl\/wp-content\/uploads\/2024\/08\/ss-1-768x1086.png 768w, http:\/\/direta.com.pl\/wp-content\/uploads\/2024\/08\/ss-1-1086x1536.png 1086w, http:\/\/direta.com.pl\/wp-content\/uploads\/2024\/08\/ss-1.png 1414w\" sizes=\"(max-width: 724px) 100vw, 724px\" \/><\/figure>\n","protected":false},"excerpt":{"rendered":"<p>A wi\u0119c kolejna ods\u0142ona naszych ma\u0142ych oboz\u00f3w, tym razem wbijamy w Sp\u0119kane Ska\u0142y! Ma\u0142y ob\u00f3z &#8211; wielkie wyzwanie \ud83d\ude42 Celem naszego ma\u0142ego obozu jest poznanie ciekawej skalnej formacji, szlifowanie technik wspinaczkowych, \u0107wiczenie technik linowych, a przede wszystkim cyfra! Czyli podnosimy sobie poprzeczk\u0119! Sp\u0119kane Ska\u0142y to zlepie\u0144cowy mur skalny po\u0142o\u017cony na p\u00f3\u0142noc od miejscowo\u015bci Miszkowice niedaleko &hellip; <\/p>\n<p class=\"link-more\"><a href=\"http:\/\/direta.com.pl\/?page_id=1607\" class=\"more-link\">Continue reading<span class=\"screen-reader-text\"> &#8220;Ma\u0142y Ob\u00f3z Direty 2025&#8221;<\/span><\/a><\/p>\n","protected":false},"author":1,"featured_media":0,"parent":0,"menu_order":0,"comment_status":"closed","ping_status":"closed","template":"","meta":[],"_links":{"self":[{"href":"http:\/\/direta.com.pl\/index.php?rest_route=\/wp\/v2\/pages\/1607"}],"collection":[{"href":"http:\/\/direta.com.pl\/index.php?rest_route=\/wp\/v2\/pages"}],"about":[{"href":"http:\/\/direta.com.pl\/index.php?rest_route=\/wp\/v2\/types\/page"}],"author":[{"embeddable":true,"href":"http:\/\/direta.com.pl\/index.php?rest_route=\/wp\/v2\/users\/1"}],"replies":[{"embeddable":true,"href":"http:\/\/direta.com.pl\/index.php?rest_route=%2Fwp%2Fv2%2Fcomments&post=1607"}],"version-history":[{"count":19,"href":"http:\/\/direta.com.pl\/index.php?rest_route=\/wp\/v2\/pages\/1607\/revisions"}],"predecessor-version":[{"id":1683,"href":"http:\/\/direta.com.pl\/index.php?rest_route=\/wp\/v2\/pages\/1607\/revisions\/1683"}],"wp:attachment":[{"href":"http:\/\/direta.com.pl\/index.php?rest_route=%2Fwp%2Fv2%2Fmedia&parent=1607"}],"curies":[{"name":"wp","href":"https:\/\/api.w.org\/{rel}","templated":true}]}}